{"id":2,"date":"2022-05-26T15:37:26","date_gmt":"2022-05-26T15:37:26","guid":{"rendered":"http:\/\/148.224.93.92\/cartelesautonomia\/?page_id=2"},"modified":"2022-06-02T14:07:14","modified_gmt":"2022-06-02T14:07:14","slug":"pagina-ejemplo","status":"publish","type":"page","link":"https:\/\/wp.uaslp.mx\/cartelesautonomia\/","title":{"rendered":"Presentaci\u00f3n"},"content":{"rendered":"\n<p class=\"wp-block-paragraph\"><\/p>\n\n\n\n<p class=\"wp-block-paragraph\">El pr\u00f3ximo enero de 2023 la Universidad Aut\u00f3noma de San Luis Potos\u00ed (UASLP) celebrar\u00e1 sus primeros 100 a\u00f1os de autonom\u00eda, de libertad de c\u00e1tedra, de forjar universitarios comprometidos con la sociedad, de darle voz a la investigaci\u00f3n, al arte y a la cultura.<br><br>En el marco de esta conmemoraci\u00f3n naci\u00f3 la exposici\u00f3n \u201c100 carteles sobre la Autonom\u00eda\u201d, que toma forma con el trabajo creativo de un centenar de dise\u00f1adores locales, nacionales e internacionales, quienes durante los \u00faltimos meses se sumaron para llevar a cabo esta iniciativa que es la primera exposici\u00f3n en su tipo, convocada en San Luis Potos\u00ed.<br><br>Hoy m\u00e1s que nunca, la autonom\u00eda universitaria es un tema de trascendencia. En M\u00e9xico ha sido uno de los asuntos m\u00e1s relevantes, en gran medida por las adversidades en busca del reconocimiento a su libertad de c\u00e1tedra, diversidad de ideas y autogobierno, historia que guarda esta casa de estudios desde su decreto de autonom\u00eda en 1923. Lo anterior contribuy\u00f3 a despertar un genuino inter\u00e9s en los participantes de esta exposici\u00f3n, para expresar sus ideas en relaci\u00f3n no s\u00f3lo con la educaci\u00f3n, sino tambi\u00e9n como ejemplos de creatividad y reflexi\u00f3n.<br><br>Esta muestra \u2014en la que hay propuestas visuales de j\u00f3venes estudiantes, dise\u00f1adores reci\u00e9n egresados, profesionistas, maestros de diferentes universidades del pa\u00eds, dise\u00f1adores de gran trayectoria, as\u00ed como participantes internacionales entusiasmados por el tema\u2014, exhibe diferentes perspectivas actuales en torno a la autonom\u00eda; y a la vez, da voz al festejo rumbo al centenario de la consolidaci\u00f3n de una de las primeras universidades aut\u00f3nomas de Latinoam\u00e9rica.<br><br>La recopilaci\u00f3n de estos trabajos representa un formidable testimonio gr\u00e1fico para las generaciones futuras, de parte de a quienes nos toca vivir este momento tan trascendente, en el que ya <strong><em>#SomosParteDeLaHistoria.<\/em><\/strong><br><br><em>El comit\u00e9 organizador.<\/em><\/p>\n\n\n\n<p class=\"wp-block-paragraph\"><\/p>\n\n\n\n<p class=\"wp-block-paragraph\"><\/p>\n","protected":false},"excerpt":{"rendered":"<p>El pr\u00f3ximo enero de 2023 la Universidad Aut\u00f3noma de San Luis Potos\u00ed (UASLP) celebrar\u00e1 sus primeros 100 a\u00f1os de autonom\u00eda, de libertad de c\u00e1tedra, de forjar universitarios comprometidos con la sociedad, de darle voz a la investigaci\u00f3n, al arte y a la cultura. En el marco de esta conmemoraci\u00f3n naci\u00f3 la exposici\u00f3n \u201c100 carteles sobre [&hellip;]<\/p>\n","protected":false},"author":1,"featured_media":0,"parent":0,"menu_order":0,"comment_status":"closed","ping_status":"open","template":"","meta":{"footnotes":""},"class_list":["post-2","page","type-page","status-publish","hentry"],"_links":{"self":[{"href":"https:\/\/wp.uaslp.mx\/cartelesautonomia\/wp-json\/wp\/v2\/pages\/2","targetHints":{"allow":["GET"]}}],"collection":[{"href":"https:\/\/wp.uaslp.mx\/cartelesautonomia\/wp-json\/wp\/v2\/pages"}],"about":[{"href":"https:\/\/wp.uaslp.mx\/cartelesautonomia\/wp-json\/wp\/v2\/types\/page"}],"author":[{"embeddable":true,"href":"https:\/\/wp.uaslp.mx\/cartelesautonomia\/wp-json\/wp\/v2\/users\/1"}],"replies":[{"embeddable":true,"href":"https:\/\/wp.uaslp.mx\/cartelesautonomia\/wp-json\/wp\/v2\/comments?post=2"}],"version-history":[{"count":5,"href":"https:\/\/wp.uaslp.mx\/cartelesautonomia\/wp-json\/wp\/v2\/pages\/2\/revisions"}],"predecessor-version":[{"id":330,"href":"https:\/\/wp.uaslp.mx\/cartelesautonomia\/wp-json\/wp\/v2\/pages\/2\/revisions\/330"}],"wp:attachment":[{"href":"https:\/\/wp.uaslp.mx\/cartelesautonomia\/wp-json\/wp\/v2\/media?parent=2"}],"curies":[{"name":"wp","href":"https:\/\/api.w.org\/{rel}","templated":true}]}}